{"id":66,"date":"2021-05-17T06:50:16","date_gmt":"2021-05-17T04:50:16","guid":{"rendered":"https:\/\/www.rcrarquitectes.es\/dissenys\/"},"modified":"2026-01-08T11:51:42","modified_gmt":"2026-01-08T09:51:42","slug":"dissenys","status":"publish","type":"page","link":"https:\/\/www.rcrarquitectes.es\/es\/dissenys\/","title":{"rendered":"Dise\u00f1os"},"content":{"rendered":"<p><strong>La teoria del todo<\/strong><\/p>\n<p>En la f\u00edsica cu\u00e1ntica, la teor\u00eda del todo explica y conecta todos los fen\u00f3menos f\u00edsicos conocidos, y refuerza la idea de <strong>la conexi\u00f3n de todas las partes y la unidad de todo<\/strong>. En este sentido, al crear un espacio es coherente pensar en todos sus elementos concebidos como una unidad.<br \/>\nDesde esta filosof\u00eda, RCR ha desarrollado dise\u00f1os de mobiliario, sanitarios, luminarias, pasamanos y peque\u00f1os objetos en un punto de intersecci\u00f3n entre <strong>lo industrial<\/strong> y <strong>lo artesanal<\/strong> que nace del <strong>profundo conocimiento del material<\/strong>.<\/p>\n<p><strong>160 dise\u00f1os industriales<\/strong><br \/>\n57 muebles<br \/>\n47 sanitarios<br \/>\n16 piezas de mobiliario urbano<br \/>\n7 luminarias<br \/>\n33 elementos diversos<\/p>\n<p><strong>10 premios al dise\u00f1o<\/strong><br \/>\n3 internacionales<br \/>\n7 nacionales<\/p>\n<p><strong>15 exposiciones de dise\u00f1o<\/strong><\/p>\n<p><strong>42 miniaturas de mobiliario<\/strong><br \/>\nreproducciones de mobiliario escala 1:6<\/p>\n<p><strong>51 publicacions<\/strong><br \/>\n24 publicaciones especializadas<br \/>\n15 publicaciones no especializadas<br \/>\n12 art\u00edculos de prensa<\/p>\n","protected":false},"excerpt":{"rendered":"<p>La teoria del todo En la f\u00edsica cu\u00e1ntica, la teor\u00eda del todo explica y conecta todos los fen\u00f3menos f\u00edsicos conocidos, y refuerza la idea de la conexi\u00f3n de todas las partes y la unidad de todo. En este sentido, al crear un espacio es coherente pensar en todos sus elementos concebidos como una unidad. Desde [&hellip;]<\/p>\n","protected":false},"author":3,"featured_media":0,"parent":0,"menu_order":34,"comment_status":"closed","ping_status":"closed","template":"page-templates\/media_text.php","meta":{"_acf_changed":false,"inline_featured_image":false,"footnotes":""},"class_list":["post-66","page","type-page","status-publish","hentry"],"acf":[],"yoast_head":"<!-- This site is optimized with the Yoast SEO plugin v27.5 - https:\/\/yoast.com\/product\/yoast-seo-wordpress\/ -->\n<title>Dise\u00f1os - RCR Arquitectes<\/title>\n<meta name=\"robots\" content=\"index, follow, max-snippet:-1, max-image-preview:large, max-video-preview:-1\" \/>\n<link rel=\"canonical\" href=\"https:\/\/www.rcrarquitectes.es\/es\/dissenys\/\" \/>\n<meta property=\"og:locale\" content=\"es_ES\" \/>\n<meta property=\"og:type\" content=\"article\" \/>\n<meta property=\"og:title\" content=\"Dise\u00f1os - RCR Arquitectes\" \/>\n<meta property=\"og:description\" content=\"La teoria del todo En la f\u00edsica cu\u00e1ntica, la teor\u00eda del todo explica y conecta todos los fen\u00f3menos f\u00edsicos conocidos, y refuerza la idea de la conexi\u00f3n de todas las partes y la unidad de todo. En este sentido, al crear un espacio es coherente pensar en todos sus elementos concebidos como una unidad. Desde [&hellip;]\" \/>\n<meta property=\"og:url\" content=\"https:\/\/www.rcrarquitectes.es\/es\/dissenys\/\" \/>\n<meta property=\"og:site_name\" content=\"RCR Arquitectes\" \/>\n<meta property=\"article:modified_time\" content=\"2026-01-08T09:51:42+00:00\" \/>\n<meta name=\"twitter:card\" content=\"summary_large_image\" \/>\n<meta name=\"twitter:label1\" content=\"Tiempo de lectura\" \/>\n\t<meta name=\"twitter:data1\" content=\"1 minuto\" \/>\n<script type=\"application\/ld+json\" class=\"yoast-schema-graph\">{\"@context\":\"https:\\\/\\\/schema.org\",\"@graph\":[{\"@type\":\"WebPage\",\"@id\":\"https:\\\/\\\/www.rcrarquitectes.es\\\/es\\\/dissenys\\\/\",\"url\":\"https:\\\/\\\/www.rcrarquitectes.es\\\/es\\\/dissenys\\\/\",\"name\":\"Dise\u00f1os - RCR Arquitectes\",\"isPartOf\":{\"@id\":\"https:\\\/\\\/www.rcrarquitectes.es\\\/#website\"},\"datePublished\":\"2021-05-17T04:50:16+00:00\",\"dateModified\":\"2026-01-08T09:51:42+00:00\",\"inLanguage\":\"es\",\"potentialAction\":[{\"@type\":\"ReadAction\",\"target\":[\"https:\\\/\\\/www.rcrarquitectes.es\\\/es\\\/dissenys\\\/\"]}]},{\"@type\":\"WebSite\",\"@id\":\"https:\\\/\\\/www.rcrarquitectes.es\\\/#website\",\"url\":\"https:\\\/\\\/www.rcrarquitectes.es\\\/\",\"name\":\"RCR Arquitectes\",\"description\":\"El universo de la creatividad compartida\",\"potentialAction\":[{\"@type\":\"SearchAction\",\"target\":{\"@type\":\"EntryPoint\",\"urlTemplate\":\"https:\\\/\\\/www.rcrarquitectes.es\\\/?s={search_term_string}\"},\"query-input\":{\"@type\":\"PropertyValueSpecification\",\"valueRequired\":true,\"valueName\":\"search_term_string\"}}],\"inLanguage\":\"es\"}]}<\/script>\n<!-- \/ Yoast SEO plugin. -->","yoast_head_json":{"title":"Dise\u00f1os - RCR Arquitectes","robots":{"index":"index","follow":"follow","max-snippet":"max-snippet:-1","max-image-preview":"max-image-preview:large","max-video-preview":"max-video-preview:-1"},"canonical":"https:\/\/www.rcrarquitectes.es\/es\/dissenys\/","og_locale":"es_ES","og_type":"article","og_title":"Dise\u00f1os - RCR Arquitectes","og_description":"La teoria del todo En la f\u00edsica cu\u00e1ntica, la teor\u00eda del todo explica y conecta todos los fen\u00f3menos f\u00edsicos conocidos, y refuerza la idea de la conexi\u00f3n de todas las partes y la unidad de todo. En este sentido, al crear un espacio es coherente pensar en todos sus elementos concebidos como una unidad. Desde [&hellip;]","og_url":"https:\/\/www.rcrarquitectes.es\/es\/dissenys\/","og_site_name":"RCR Arquitectes","article_modified_time":"2026-01-08T09:51:42+00:00","twitter_card":"summary_large_image","twitter_misc":{"Tiempo de lectura":"1 minuto"},"schema":{"@context":"https:\/\/schema.org","@graph":[{"@type":"WebPage","@id":"https:\/\/www.rcrarquitectes.es\/es\/dissenys\/","url":"https:\/\/www.rcrarquitectes.es\/es\/dissenys\/","name":"Dise\u00f1os - RCR Arquitectes","isPartOf":{"@id":"https:\/\/www.rcrarquitectes.es\/#website"},"datePublished":"2021-05-17T04:50:16+00:00","dateModified":"2026-01-08T09:51:42+00:00","inLanguage":"es","potentialAction":[{"@type":"ReadAction","target":["https:\/\/www.rcrarquitectes.es\/es\/dissenys\/"]}]},{"@type":"WebSite","@id":"https:\/\/www.rcrarquitectes.es\/#website","url":"https:\/\/www.rcrarquitectes.es\/","name":"RCR Arquitectes","description":"El universo de la creatividad compartida","potentialAction":[{"@type":"SearchAction","target":{"@type":"EntryPoint","urlTemplate":"https:\/\/www.rcrarquitectes.es\/?s={search_term_string}"},"query-input":{"@type":"PropertyValueSpecification","valueRequired":true,"valueName":"search_term_string"}}],"inLanguage":"es"}]}},"_links":{"self":[{"href":"https:\/\/www.rcrarquitectes.es\/es\/wp-json\/wp\/v2\/pages\/66","targetHints":{"allow":["GET"]}}],"collection":[{"href":"https:\/\/www.rcrarquitectes.es\/es\/wp-json\/wp\/v2\/pages"}],"about":[{"href":"https:\/\/www.rcrarquitectes.es\/es\/wp-json\/wp\/v2\/types\/page"}],"author":[{"embeddable":true,"href":"https:\/\/www.rcrarquitectes.es\/es\/wp-json\/wp\/v2\/users\/3"}],"replies":[{"embeddable":true,"href":"https:\/\/www.rcrarquitectes.es\/es\/wp-json\/wp\/v2\/comments?post=66"}],"version-history":[{"count":4,"href":"https:\/\/www.rcrarquitectes.es\/es\/wp-json\/wp\/v2\/pages\/66\/revisions"}],"predecessor-version":[{"id":12379,"href":"https:\/\/www.rcrarquitectes.es\/es\/wp-json\/wp\/v2\/pages\/66\/revisions\/12379"}],"wp:attachment":[{"href":"https:\/\/www.rcrarquitectes.es\/es\/wp-json\/wp\/v2\/media?parent=66"}],"curies":[{"name":"wp","href":"https:\/\/api.w.org\/{rel}","templated":true}]}}