{"id":98,"date":"2026-04-06T11:00:16","date_gmt":"2026-04-06T09:00:16","guid":{"rendered":"https:\/\/www.rcrarquitectes.es\/visites-i-estades\/"},"modified":"2026-04-06T21:52:29","modified_gmt":"2026-04-06T19:52:29","slug":"visites","status":"publish","type":"page","link":"https:\/\/www.rcrarquitectes.es\/es\/visites\/","title":{"rendered":"Visitas"},"content":{"rendered":"<p><strong>Visitas guiadas a la obra de RCR Arquitectes<\/strong><\/p>\n<p>Desde 2016 ofrecemos diversas visitas guiadas. Abrimos las puertas de nuestra casa, nuestra sede, ubicada en el espacio Barber\u00ed, una antigua fundici\u00f3n art\u00edstica y de campanas, para que pod\u00e1is visitar el lugar donde proyectamos, hablamos e ideamos. Y con \u00e9l, el espacio de la Fundaci\u00f3n Bunka que custodia nuestros peque\u00f1os tesoros: las reservas con maquetas, bocetos, prototipos de mobiliario, piezas de exposici\u00f3n&#8230;<\/p>\n<p>Asimismo, organizamos visitas guiadas a la obra p\u00fablica de Tossols-Basil: el parque de Pedra Tosca, el estadio de atletismo y el pabell\u00f3n de ba\u00f1os. Son recorridos pensados para comprender la fuerza que ha marcado nuestra arquitectura, profundamente vinculada al paisaje, a la naturaleza y a la identidad de la Garrotxa.<\/p>\n<p>Pr\u00f3ximamente ofreceremos tambi\u00e9n visitas a RCR La Vila, nuestra geograf\u00eda de sue\u00f1os: un centro abierto a la experiencia del espacio, situado a 20 minutos en coche del Espacio Barber\u00ed.<\/p>\n<p data-start=\"1027\" data-end=\"1132\" data-is-last-node=\"\" data-is-only-node=\"\">Entre 2016 y 2025 nos han visitado ya 5.360 personas procedentes de 36 pa\u00edses distintos. \u00a1Muchas gracias!<\/p>\n<p><a href=\"https:\/\/reserves.rcrarquitectes.es\/es\/visits\" target=\"_blank\" rel=\"noopener\"><strong>RESERVAR VISITA<\/strong><\/a><\/p>\n","protected":false},"excerpt":{"rendered":"<p>Visitas guiadas a la obra de RCR Arquitectes Desde 2016 ofrecemos diversas visitas guiadas. Abrimos las puertas de nuestra casa, nuestra sede, ubicada en el espacio Barber\u00ed, una antigua fundici\u00f3n art\u00edstica y de campanas, para que pod\u00e1is visitar el lugar donde proyectamos, hablamos e ideamos. Y con \u00e9l, el espacio de la Fundaci\u00f3n Bunka que [&hellip;]<\/p>\n","protected":false},"author":3,"featured_media":0,"parent":0,"menu_order":162,"comment_status":"closed","ping_status":"closed","template":"page-templates\/media_text.php","meta":{"_acf_changed":false,"inline_featured_image":false,"footnotes":""},"class_list":["post-98","page","type-page","status-publish","hentry"],"acf":[],"yoast_head":"<!-- This site is optimized with the Yoast SEO plugin v27.5 - https:\/\/yoast.com\/product\/yoast-seo-wordpress\/ -->\n<title>Visitas - RCR Arquitectes<\/title>\n<meta name=\"robots\" content=\"index, follow, max-snippet:-1, max-image-preview:large, max-video-preview:-1\" \/>\n<link rel=\"canonical\" href=\"https:\/\/www.rcrarquitectes.es\/es\/visites\/\" \/>\n<meta property=\"og:locale\" content=\"es_ES\" \/>\n<meta property=\"og:type\" content=\"article\" \/>\n<meta property=\"og:title\" content=\"Visitas - RCR Arquitectes\" \/>\n<meta property=\"og:description\" content=\"Visitas guiadas a la obra de RCR Arquitectes Desde 2016 ofrecemos diversas visitas guiadas. Abrimos las puertas de nuestra casa, nuestra sede, ubicada en el espacio Barber\u00ed, una antigua fundici\u00f3n art\u00edstica y de campanas, para que pod\u00e1is visitar el lugar donde proyectamos, hablamos e ideamos. Y con \u00e9l, el espacio de la Fundaci\u00f3n Bunka que [&hellip;]\" \/>\n<meta property=\"og:url\" content=\"https:\/\/www.rcrarquitectes.es\/es\/visites\/\" \/>\n<meta property=\"og:site_name\" content=\"RCR Arquitectes\" \/>\n<meta property=\"article:modified_time\" content=\"2026-04-06T19:52:29+00:00\" \/>\n<meta name=\"twitter:card\" content=\"summary_large_image\" \/>\n<meta name=\"twitter:label1\" content=\"Tiempo de lectura\" \/>\n\t<meta name=\"twitter:data1\" content=\"1 minuto\" \/>\n<script type=\"application\/ld+json\" class=\"yoast-schema-graph\">{\"@context\":\"https:\\\/\\\/schema.org\",\"@graph\":[{\"@type\":\"WebPage\",\"@id\":\"https:\\\/\\\/www.rcrarquitectes.es\\\/es\\\/visites\\\/\",\"url\":\"https:\\\/\\\/www.rcrarquitectes.es\\\/es\\\/visites\\\/\",\"name\":\"Visitas - RCR Arquitectes\",\"isPartOf\":{\"@id\":\"https:\\\/\\\/www.rcrarquitectes.es\\\/#website\"},\"datePublished\":\"2026-04-06T09:00:16+00:00\",\"dateModified\":\"2026-04-06T19:52:29+00:00\",\"inLanguage\":\"es\",\"potentialAction\":[{\"@type\":\"ReadAction\",\"target\":[\"https:\\\/\\\/www.rcrarquitectes.es\\\/es\\\/visites\\\/\"]}]},{\"@type\":\"WebSite\",\"@id\":\"https:\\\/\\\/www.rcrarquitectes.es\\\/#website\",\"url\":\"https:\\\/\\\/www.rcrarquitectes.es\\\/\",\"name\":\"RCR Arquitectes\",\"description\":\"El universo de la creatividad compartida\",\"potentialAction\":[{\"@type\":\"SearchAction\",\"target\":{\"@type\":\"EntryPoint\",\"urlTemplate\":\"https:\\\/\\\/www.rcrarquitectes.es\\\/?s={search_term_string}\"},\"query-input\":{\"@type\":\"PropertyValueSpecification\",\"valueRequired\":true,\"valueName\":\"search_term_string\"}}],\"inLanguage\":\"es\"}]}<\/script>\n<!-- \/ Yoast SEO plugin. -->","yoast_head_json":{"title":"Visitas - RCR Arquitectes","robots":{"index":"index","follow":"follow","max-snippet":"max-snippet:-1","max-image-preview":"max-image-preview:large","max-video-preview":"max-video-preview:-1"},"canonical":"https:\/\/www.rcrarquitectes.es\/es\/visites\/","og_locale":"es_ES","og_type":"article","og_title":"Visitas - RCR Arquitectes","og_description":"Visitas guiadas a la obra de RCR Arquitectes Desde 2016 ofrecemos diversas visitas guiadas. Abrimos las puertas de nuestra casa, nuestra sede, ubicada en el espacio Barber\u00ed, una antigua fundici\u00f3n art\u00edstica y de campanas, para que pod\u00e1is visitar el lugar donde proyectamos, hablamos e ideamos. Y con \u00e9l, el espacio de la Fundaci\u00f3n Bunka que [&hellip;]","og_url":"https:\/\/www.rcrarquitectes.es\/es\/visites\/","og_site_name":"RCR Arquitectes","article_modified_time":"2026-04-06T19:52:29+00:00","twitter_card":"summary_large_image","twitter_misc":{"Tiempo de lectura":"1 minuto"},"schema":{"@context":"https:\/\/schema.org","@graph":[{"@type":"WebPage","@id":"https:\/\/www.rcrarquitectes.es\/es\/visites\/","url":"https:\/\/www.rcrarquitectes.es\/es\/visites\/","name":"Visitas - RCR Arquitectes","isPartOf":{"@id":"https:\/\/www.rcrarquitectes.es\/#website"},"datePublished":"2026-04-06T09:00:16+00:00","dateModified":"2026-04-06T19:52:29+00:00","inLanguage":"es","potentialAction":[{"@type":"ReadAction","target":["https:\/\/www.rcrarquitectes.es\/es\/visites\/"]}]},{"@type":"WebSite","@id":"https:\/\/www.rcrarquitectes.es\/#website","url":"https:\/\/www.rcrarquitectes.es\/","name":"RCR Arquitectes","description":"El universo de la creatividad compartida","potentialAction":[{"@type":"SearchAction","target":{"@type":"EntryPoint","urlTemplate":"https:\/\/www.rcrarquitectes.es\/?s={search_term_string}"},"query-input":{"@type":"PropertyValueSpecification","valueRequired":true,"valueName":"search_term_string"}}],"inLanguage":"es"}]}},"_links":{"self":[{"href":"https:\/\/www.rcrarquitectes.es\/es\/wp-json\/wp\/v2\/pages\/98","targetHints":{"allow":["GET"]}}],"collection":[{"href":"https:\/\/www.rcrarquitectes.es\/es\/wp-json\/wp\/v2\/pages"}],"about":[{"href":"https:\/\/www.rcrarquitectes.es\/es\/wp-json\/wp\/v2\/types\/page"}],"author":[{"embeddable":true,"href":"https:\/\/www.rcrarquitectes.es\/es\/wp-json\/wp\/v2\/users\/3"}],"replies":[{"embeddable":true,"href":"https:\/\/www.rcrarquitectes.es\/es\/wp-json\/wp\/v2\/comments?post=98"}],"version-history":[{"count":9,"href":"https:\/\/www.rcrarquitectes.es\/es\/wp-json\/wp\/v2\/pages\/98\/revisions"}],"predecessor-version":[{"id":12583,"href":"https:\/\/www.rcrarquitectes.es\/es\/wp-json\/wp\/v2\/pages\/98\/revisions\/12583"}],"wp:attachment":[{"href":"https:\/\/www.rcrarquitectes.es\/es\/wp-json\/wp\/v2\/media?parent=98"}],"curies":[{"name":"wp","href":"https:\/\/api.w.org\/{rel}","templated":true}]}}