{"id":8190,"date":"2022-10-07T19:54:49","date_gmt":"2022-10-07T17:54:49","guid":{"rendered":"https:\/\/www.rcrarquitectes.es\/visits\/el-molino\/"},"modified":"2025-04-30T09:32:49","modified_gmt":"2025-04-30T07:32:49","slug":"el-molino","status":"publish","type":"visits","link":"https:\/\/www.rcrarquitectes.es\/es\/visits\/el-molino\/","title":{"rendered":"El Molino"},"content":{"rendered":"<p>N\u00famero de Registro de Turismo de Catalu\u00f1a (RTC):<br \/>\nHUTG-028830-96<\/p>\n<p><strong>Localizaci\u00f3n<\/strong><br \/>\nCoordenadas\u00a0GPS 42\u00ba12\u201944.1\u201dN 2\u00ba25\u201934.0\u201dE<br \/>\nCoordenadas\u00a0GOOGLE 42.212255, 2.426121<\/p>\n<p><strong>Capacidad<\/strong><br \/>\n4 + 2 personas<\/p>\n<p><strong>Alojamiento<\/strong><br \/>\nDos dormitorios con dos camas de matrimonio y un sof\u00e1 cama doble.<br \/>\nCuna disponible.<br \/>\nDos ba\u00f1os.<\/p>\n<p>Dormitorio 1 en la planta inferior: una cama de matrimonio, un sof\u00e1 cama doble<br \/>\nDormitorio 2 en la planta superior: una cama de matrimonio<\/p>\n<p><strong>Descripci\u00f3n<\/strong><br \/>\nEl Molino de La Vila es un conjunto formado por una casa que fue el antiguo molino de la casa solariega y su caba\u00f1a. Este molino permanece todav\u00eda conservado -incluida la rueda interior- y tanto la casa como la caba\u00f1a han sido adaptadas y restauradas para poder vivir. Tienen, entre ambas, una capacidad para alojar a ocho personas, repartidas en tres habitaciones con ba\u00f1o privado todas ellas.<\/p>\n<p>Son las dos construcciones m\u00e1s alejadas del conjunto principal, lo que las convierte en un espacio con mucha privacidad. Est\u00e1 situada al pie del bosque, se llega a trav\u00e9s de un precioso camino junto al arroyo y tiene una balsa privada de agua natural, construida en piedra para uso exclusivo de los hu\u00e9spedes que se alojen aqu\u00ed.<\/p>\n<p>El Molino tiene 3 plantas: una planta inferior con una cama doble y un ba\u00f1o privado, una planta superior con otra cama doble y otro ba\u00f1o privado y una planta intermedia con un precioso sal\u00f3n-comedor con chimenea y una cocina abierta completamente equipada.<\/p>\n<p><strong>Interior<\/strong><br \/>\nBa\u00f1os, calefacci\u00f3n, chimenea.<br \/>\nCocina: comedor, lavavajillas, microondas.<br \/>\nSala de estar: equipo de m\u00fasica, televisi\u00f3n.<br \/>\nLavadora.<br \/>\nWifi.<\/p>\n<p><strong>Servicios y zonas comunes<\/strong><br \/>\nAlberca de agua natural.<br \/>\nSala de juegos independiente con juegos de ni\u00f1os, futbol\u00edn, ping pong, juegos de mesa, biblioteca.<br \/>\nHuerto ecol\u00f3gico, cuadra con caballos, gallinero.<br \/>\nZona de aparcamiento.<\/p>\n<p><strong>Normas de la casa<\/strong><br \/>\nLlegada: 16:00-21:00<br \/>\nSalida: 11:00<br \/>\nProhibido fumar<br \/>\nAdmite mascotas<\/p>\n<p><strong>Precios<\/strong><br \/>\nPrecios con IVA incluido, tasa tur\u00edstica no incluida<br \/>\nCasa completa a partir de 2 personas<br \/>\nEl alquiler m\u00ednimo es de dos noches<\/p>\n<p><strong>Fines de semana<\/strong><br \/>\nM\u00ednimo 2 noches. 374\u20ac \/ 2 noches.<br \/>\nA partir del tercer d\u00eda. 187\u20ac \/ noche.<br \/>\nM\u00e1s de 12 personas. 33\u20ac \/ persona y noche.<br \/>\nCuna. 10\u20ac \/ noche.<br \/>\nMascotas. 6\u20ac \/mascota y d\u00eda.<\/p>\n<p><strong>Entre semana<\/strong><br \/>\nM\u00ednimo 3 noches. 462\u20ac \/ 3 noches.<br \/>\nA partir del tercer d\u00eda. 154\u20ac \/ noche.<br \/>\nM\u00e1s de 2 personas. 33\u20ac \/ persona y noche.<br \/>\nCuna. 10\u20ac \/ noche.<br \/>\nMascotas. 6\u20ac \/mascota y d\u00eda.<\/p>\n<p><strong>Verano<\/strong><br \/>\nM\u00ednimo 7 noches. 924\u20ac \/ 7 noches.<br \/>\nA partir del s\u00e9ptimo d\u00eda. 132\u20ac \/ noche.<br \/>\nM\u00e1s de 2 personas. 33\u20ac \/ persona y noche.<br \/>\nCuna. 10\u20ac \/ noche.<br \/>\nMascotas. 6\u20ac \/mascota y d\u00eda.<\/p>\n<p><strong>Navidad y fin de a\u00f1o<\/strong><br \/>\nM\u00ednimo 5 noches. 770\u20ac \/ 5 noches.<br \/>\nA partir del quinto d\u00eda. 154\u20ac \/ noche.<br \/>\nM\u00e1s de 12 personas. 33\u20ac \/ persona y noche.<br \/>\nCuna. 10\u20ac \/ noche.<br \/>\nMascotas. 6\u20ac \/mascota y d\u00eda.<\/p>\n<p><strong>Taza tur\u00edstica<\/strong><br \/>\n1,10\u20ac \/ persona y d\u00eda<br \/>\nLa tasa tur\u00edstica se cobra como m\u00e1ximo 7 d\u00edas y s\u00f3lo a personas mayores de 17 a\u00f1os. Despu\u00e9s de 7 d\u00edas no se cobra.<\/p>\n<p><strong>Condiciones de la reserva<\/strong><br \/>\nAnticipo al reservar \/ 25% del total de la reserva.<\/p>\n<p><strong>Pol\u00edtica de cancelaci\u00f3n<\/strong><br \/>\nHasta 15 d\u00edas antes de la llegada, devoluci\u00f3n del 100% del anticipo pagado.<\/p>\n<p><strong>Fianza<\/strong><br \/>\nNo se requiere fianza.<\/p>\n<p><strong>Recepci\u00f3n<\/strong><br \/>\nAnfitri\u00f3n<br \/>\nlavila@rcrlaba.cat<br \/>\n+34 630 197 672<\/p>\n<p>La recepci\u00f3n est\u00e1 situada en el interior de la casa solariega de la Villa. Le recibe Silvia que formaliza la reserva, recoge sus datos, le da la informaci\u00f3n que necesita para su estancia con nosotros y entrega las llaves en mano. Durante su estancia podr\u00e1 encontrarla en la recepci\u00f3n o en el exterior, cuidando de nuestra naturaleza m\u00e1s cercana, aunque tambi\u00e9n la puede localizar v\u00eda WhatsApp o con una llamada.<\/p>\n","protected":false},"featured_media":0,"template":"","visit_type":[86],"class_list":["post-8190","visits","type-visits","status-publish","hentry","visit_type-estancias-en-la-vila"],"acf":[],"yoast_head":"<!-- This site is optimized with the Yoast SEO plugin v27.5 - https:\/\/yoast.com\/product\/yoast-seo-wordpress\/ -->\n<title>El Molino - RCR Arquitectes<\/title>\n<meta name=\"robots\" content=\"index, follow, max-snippet:-1, max-image-preview:large, max-video-preview:-1\" \/>\n<link rel=\"canonical\" href=\"https:\/\/www.rcrarquitectes.es\/es\/visits\/el-molino\/\" \/>\n<meta property=\"og:locale\" content=\"es_ES\" \/>\n<meta property=\"og:type\" content=\"article\" \/>\n<meta property=\"og:title\" content=\"El Molino - RCR Arquitectes\" \/>\n<meta property=\"og:description\" content=\"N\u00famero de Registro de Turismo de Catalu\u00f1a (RTC): HUTG-028830-96 Localizaci\u00f3n Coordenadas\u00a0GPS 42\u00ba12\u201944.1\u201dN 2\u00ba25\u201934.0\u201dE Coordenadas\u00a0GOOGLE 42.212255, 2.426121 Capacidad 4 + 2 personas Alojamiento Dos dormitorios con dos camas de matrimonio y un sof\u00e1 cama doble. Cuna disponible. Dos ba\u00f1os. Dormitorio 1 en la planta inferior: una cama de matrimonio, un sof\u00e1 cama doble Dormitorio 2 en [&hellip;]\" \/>\n<meta property=\"og:url\" content=\"https:\/\/www.rcrarquitectes.es\/es\/visits\/el-molino\/\" \/>\n<meta property=\"og:site_name\" content=\"RCR Arquitectes\" \/>\n<meta property=\"article:modified_time\" content=\"2025-04-30T07:32:49+00:00\" \/>\n<meta name=\"twitter:card\" content=\"summary_large_image\" \/>\n<meta name=\"twitter:label1\" content=\"Tiempo de lectura\" \/>\n\t<meta name=\"twitter:data1\" content=\"3 minutos\" \/>\n<script type=\"application\/ld+json\" class=\"yoast-schema-graph\">{\"@context\":\"https:\\\/\\\/schema.org\",\"@graph\":[{\"@type\":\"WebPage\",\"@id\":\"https:\\\/\\\/www.rcrarquitectes.es\\\/es\\\/visits\\\/el-molino\\\/\",\"url\":\"https:\\\/\\\/www.rcrarquitectes.es\\\/es\\\/visits\\\/el-molino\\\/\",\"name\":\"El Molino - RCR Arquitectes\",\"isPartOf\":{\"@id\":\"https:\\\/\\\/www.rcrarquitectes.es\\\/#website\"},\"datePublished\":\"2022-10-07T17:54:49+00:00\",\"dateModified\":\"2025-04-30T07:32:49+00:00\",\"breadcrumb\":{\"@id\":\"https:\\\/\\\/www.rcrarquitectes.es\\\/es\\\/visits\\\/el-molino\\\/#breadcrumb\"},\"inLanguage\":\"es\",\"potentialAction\":[{\"@type\":\"ReadAction\",\"target\":[\"https:\\\/\\\/www.rcrarquitectes.es\\\/es\\\/visits\\\/el-molino\\\/\"]}]},{\"@type\":\"BreadcrumbList\",\"@id\":\"https:\\\/\\\/www.rcrarquitectes.es\\\/es\\\/visits\\\/el-molino\\\/#breadcrumb\",\"itemListElement\":[{\"@type\":\"ListItem\",\"position\":1,\"name\":\"Visites i estades\",\"item\":\"https:\\\/\\\/www.rcrarquitectes.es\\\/visits\\\/\"},{\"@type\":\"ListItem\",\"position\":2,\"name\":\"El Molino\"}]},{\"@type\":\"WebSite\",\"@id\":\"https:\\\/\\\/www.rcrarquitectes.es\\\/#website\",\"url\":\"https:\\\/\\\/www.rcrarquitectes.es\\\/\",\"name\":\"RCR Arquitectes\",\"description\":\"El universo de la creatividad compartida\",\"potentialAction\":[{\"@type\":\"SearchAction\",\"target\":{\"@type\":\"EntryPoint\",\"urlTemplate\":\"https:\\\/\\\/www.rcrarquitectes.es\\\/?s={search_term_string}\"},\"query-input\":{\"@type\":\"PropertyValueSpecification\",\"valueRequired\":true,\"valueName\":\"search_term_string\"}}],\"inLanguage\":\"es\"}]}<\/script>\n<!-- \/ Yoast SEO plugin. -->","yoast_head_json":{"title":"El Molino - RCR Arquitectes","robots":{"index":"index","follow":"follow","max-snippet":"max-snippet:-1","max-image-preview":"max-image-preview:large","max-video-preview":"max-video-preview:-1"},"canonical":"https:\/\/www.rcrarquitectes.es\/es\/visits\/el-molino\/","og_locale":"es_ES","og_type":"article","og_title":"El Molino - RCR Arquitectes","og_description":"N\u00famero de Registro de Turismo de Catalu\u00f1a (RTC): HUTG-028830-96 Localizaci\u00f3n Coordenadas\u00a0GPS 42\u00ba12\u201944.1\u201dN 2\u00ba25\u201934.0\u201dE Coordenadas\u00a0GOOGLE 42.212255, 2.426121 Capacidad 4 + 2 personas Alojamiento Dos dormitorios con dos camas de matrimonio y un sof\u00e1 cama doble. Cuna disponible. Dos ba\u00f1os. Dormitorio 1 en la planta inferior: una cama de matrimonio, un sof\u00e1 cama doble Dormitorio 2 en [&hellip;]","og_url":"https:\/\/www.rcrarquitectes.es\/es\/visits\/el-molino\/","og_site_name":"RCR Arquitectes","article_modified_time":"2025-04-30T07:32:49+00:00","twitter_card":"summary_large_image","twitter_misc":{"Tiempo de lectura":"3 minutos"},"schema":{"@context":"https:\/\/schema.org","@graph":[{"@type":"WebPage","@id":"https:\/\/www.rcrarquitectes.es\/es\/visits\/el-molino\/","url":"https:\/\/www.rcrarquitectes.es\/es\/visits\/el-molino\/","name":"El Molino - RCR Arquitectes","isPartOf":{"@id":"https:\/\/www.rcrarquitectes.es\/#website"},"datePublished":"2022-10-07T17:54:49+00:00","dateModified":"2025-04-30T07:32:49+00:00","breadcrumb":{"@id":"https:\/\/www.rcrarquitectes.es\/es\/visits\/el-molino\/#breadcrumb"},"inLanguage":"es","potentialAction":[{"@type":"ReadAction","target":["https:\/\/www.rcrarquitectes.es\/es\/visits\/el-molino\/"]}]},{"@type":"BreadcrumbList","@id":"https:\/\/www.rcrarquitectes.es\/es\/visits\/el-molino\/#breadcrumb","itemListElement":[{"@type":"ListItem","position":1,"name":"Visites i estades","item":"https:\/\/www.rcrarquitectes.es\/visits\/"},{"@type":"ListItem","position":2,"name":"El Molino"}]},{"@type":"WebSite","@id":"https:\/\/www.rcrarquitectes.es\/#website","url":"https:\/\/www.rcrarquitectes.es\/","name":"RCR Arquitectes","description":"El universo de la creatividad compartida","potentialAction":[{"@type":"SearchAction","target":{"@type":"EntryPoint","urlTemplate":"https:\/\/www.rcrarquitectes.es\/?s={search_term_string}"},"query-input":{"@type":"PropertyValueSpecification","valueRequired":true,"valueName":"search_term_string"}}],"inLanguage":"es"}]}},"_links":{"self":[{"href":"https:\/\/www.rcrarquitectes.es\/es\/wp-json\/wp\/v2\/visits\/8190","targetHints":{"allow":["GET"]}}],"collection":[{"href":"https:\/\/www.rcrarquitectes.es\/es\/wp-json\/wp\/v2\/visits"}],"about":[{"href":"https:\/\/www.rcrarquitectes.es\/es\/wp-json\/wp\/v2\/types\/visits"}],"wp:attachment":[{"href":"https:\/\/www.rcrarquitectes.es\/es\/wp-json\/wp\/v2\/media?parent=8190"}],"wp:term":[{"taxonomy":"visit_type","embeddable":true,"href":"https:\/\/www.rcrarquitectes.es\/es\/wp-json\/wp\/v2\/visit_type?post=8190"}],"curies":[{"name":"wp","href":"https:\/\/api.w.org\/{rel}","templated":true}]}}